{"id":1933,"date":"2017-09-07T20:47:55","date_gmt":"2017-09-07T18:47:55","guid":{"rendered":"http:\/\/mal-auray.org\/?page_id=1933"},"modified":"2025-05-22T16:50:35","modified_gmt":"2025-05-22T14:50:35","slug":"infos-pratiques","status":"publish","type":"page","link":"http:\/\/mal-auray.org\/index.php\/infos-pratiques\/","title":{"rendered":"Infos pratiques"},"content":{"rendered":"<p>[vc_row][vc_column][vc_column_text]<\/p>\n<h1 style=\"text-align: center;\"><span style=\"color: #ff6600;\">Les inscriptions pour la saison 2025-2026<\/span><\/h1>\n<h2 style=\"text-align: center;\"><span style=\"color: #ff6600;\">ouvrent le 16 juin 2025, pour tous publics y compris pour les non-Alr\u00e9ens<\/span><\/h2>\n<p>&nbsp;<\/p>\n<hr \/>\n<h4 style=\"text-align: center;\"><span style=\"color: #ff9900;\"><span style=\"color: #eb7b31;\">Le programme 2025-2026 est <span style=\"color: #ff6600;\"><span style=\"color: #000080;\"><em><strong><a style=\"color: #000080;\" href=\"https:\/\/www.calameo.com\/read\/00795169010a11cbcb014?authid=MwxomIis8mPa\">consultable en ligne ici<\/a> <\/strong><\/em><\/span><\/span><\/span><span style=\"color: #eb7b31;\"><span style=\"color: #ff6600;\">et sera prochainement <\/span><\/span><\/span><span style=\"color: #ff6600;\">disponible en version papier \u00e0 la MAL.<\/span><\/h4>\n<hr \/>\n<h4 style=\"text-align: center;\"><span style=\"color: #000080;\">Des aides sont possibles : consultez l&rsquo;onglet \u00ab\u00a0r\u00e9ductions et aides financi\u00e8res\u00a0\u00bb ci-dessous<\/span><\/h4>\n<div id=\"sconnect-is-installed\" style=\"display: none;\">2.13.0.0<\/div>\n<div id=\"sconnect-is-installed\" style=\"display: none;\">2.13.0.0<\/div>\n<div id=\"sconnect-is-installed\" style=\"display: none;\">2.13.0.0<\/div>\n<div id=\"sconnect-is-installed\" style=\"display: none;\">2.13.0.0<\/div>\n<p>[\/vc_column_text][\/vc_column][\/vc_row][vc_row css=\u00a0\u00bb.vc_custom_1663844663523{margin-bottom: 60px !important;}\u00a0\u00bb][vc_column][vc_tabs][vc_tab title=\u00a0\u00bb<strong>Modalit\u00e9s<\/strong>\u00a0\u00bb tab_id=\u00a0\u00bb1ed0445c-542d-1&Prime;][vc_column_text]<span style=\"color: #000000;\"><strong>Agenda de la saison 2025-2026 :<\/strong><\/span><br \/>\n<span style=\"color: #000000;\">La saison 2025-2026 d\u00e9butera le lundi 15 septembre 2025 et se terminera le samedi 27 juin 2026.<\/span><br \/>\n<span style=\"color: #000000;\">Pour les activit\u00e9s r\u00e9guli\u00e8res hebdomadaires, la saison comporte 29 s\u00e9ances minimum, les s\u00e9ances ayant lieu uniquement durant les p\u00e9riodes scolaires. Il n&rsquo;y a donc pas d&rsquo;activit\u00e9 r\u00e9guli\u00e8re lors des vacances scolaires, des jours f\u00e9ri\u00e9s, et lors du pont de l&rsquo;Ascension du 14 au 17 mai 2026.<\/span><\/p>\n<p><span style=\"color: #000000;\"><strong>Adh\u00e9sion :<\/strong><\/span><br \/>\n<span style=\"color: #000000;\">L\u2019adh\u00e9sion* est indispensable pour participer aux activit\u00e9s organis\u00e9es par l\u2019association. Elle est valable d\u00e8s votre inscription et jusqu\u2019au 31 ao\u00fbt 2026.<\/span><br \/>\n<span style=\"color: #000000;\">Alr\u00e9en : 10 \u20ac gratuit\u00e9 d\u00e8s la 3\u00e8me adh\u00e9sion<\/span><br \/>\n<span style=\"color: #000000;\">Non-alr\u00e9en : 20\u20ac gratuit\u00e9 d\u00e8s la 3\u00e8me adh\u00e9sion.<\/span><\/p>\n<p><span style=\"color: #000000;\"><strong>Deux possibilit\u00e9s s\u2019offrent \u00e0 vous pour vous inscrire : par internet <\/strong>(cliquez sur l&rsquo;onglet \u00ab\u00a0inscription sur internet\u00a0\u00bb)<strong>,<\/strong>\u00a0<strong>ou \u00e0 l\u2019accueil de la MAL<\/strong>.\u00a0Nous vous conseillons l\u2019inscription en ligne, celle-ci vous permettra de suivre vos inscriptions et vos r\u00e8glements, d\u2019y d\u00e9poser tous les documents demand\u00e9s lors de votre inscription et de pouvoir les mettre \u00e0 jour.\u00a0Enfin, cela vous permettra de gagner du temps lors de vos inscriptions.<\/span><\/p>\n<p><span style=\"color: #000000;\"><strong>Toute inscription n\u2019est valide qu\u2019en pr\u00e9sence des documents annexes obligatoires (voir sur les onglets inscriptions) et du r\u00e8glement complet de l\u2019adh\u00e9sion et des activit\u00e9s de la saison<\/strong> (paiement trimestriel possible, voir modes de r\u00e8glements ci-apr\u00e8s)<em>. Votre inscription ne pourra pas \u00eatre valide si vous n\u2019avez pas r\u00e9gl\u00e9 un \u00e9ventuel impay\u00e9 de la saison 2024-2025.<\/em><\/span><\/p>\n<div id=\"sconnect-is-installed\" style=\"display: none;\"><span style=\"color: #000000;\">2.13.0.0<\/span><\/div>\n<p>[\/vc_column_text][\/vc_tab][vc_tab title=\u00a0\u00bb<strong>Inscription par internet<\/strong>\u00a0\u00bb tab_id=\u00a0\u00bb492e2ba2-825d-8&Prime;][vc_column_text]<\/p>\n<h4><span style=\"color: #000000;\">Rendez-vous sur notre plate-forme d&rsquo;inscription: <\/span><span style=\"color: #0000ff;\"><a style=\"color: #0000ff;\" href=\"https:\/\/mal-auray.goasso.org\/\"><strong>https:\/\/mal-auray.goasso.org\/<\/strong><\/a><\/span><\/h4>\n<p><span style=\"color: #000000;\">Si vous n\u2019\u00e9tiez pas inscrit en 2024-2025, il vous faut cr\u00e9er un compte par foyer sur la plateforme d&rsquo;inscription, et renseigner les informations n\u00e9cessaires pour tous les membres du foyer concern\u00e9s par une inscription en 2025-2026.<\/span><br \/>\n<span style=\"color: #000000;\"><strong>Important :<\/strong> c\u2019est seulement apr\u00e8s avoir \u00ab ajout\u00e9 un membre \u00bb en cr\u00e9ant la fiche de votre enfant, que l\u2019inscription devient possible pour les activit\u00e9s enfants (sans cela les activit\u00e9s enfants n\u2019appara\u00eetront pas dans le menu \u00ab activit\u00e9s \u00bb).<\/span><\/p>\n<p><span style=\"color: #000000;\">Pour les activit\u00e9s qui n&rsquo;ont pas lieu de septembre \u00e0 juin de mani\u00e8re hebdomadaire, l\u2019adh\u00e9sion \u00e0 l\u2019association est <strong>obligatoire.<\/strong> Il vous faut donc ajouter une adh\u00e9sion \u00e0 votre panier sans quoi votre inscription ne sera pas valide.<\/span><\/p>\n<p><span style=\"color: #000000;\"><strong>Si vous \u00eates alr\u00e9en-e ou que le montant que votre quotient familial est inf\u00e9rieur \u00e0 914<\/strong>, transmettez vos justificatifs sur votre compte en ligne (justificatif de domicile de moins de 3 mois pour les alr\u00e9ens \/ attestation de quotient familial ou dernier avis d\u2019imposition pour les QF &lt; 914). Nous serons inform\u00e9s du d\u00e9p\u00f4t de vos documents d\u00e8s que vous aurez effectu\u00e9 l\u2019op\u00e9ration sur internet. Nous les validerons alors \u00e0 distance et vous en serez notifi\u00e9s, ce qui mettra \u00e0 jour le montant de vos cotisations avant de proc\u00e9der au paiement en ligne. En l\u2019absence de ces justificatifs, ce sont les co\u00fbts sans r\u00e9duction qui s\u2019appliquent.<\/span><\/p>\n<p><span style=\"color: #000000;\"><strong>Votre inscription sur internet ne peut \u00eatre valide que si vous r\u00e9glez votre activit\u00e9 en ligne par carte bleue.<br \/>\n<\/strong>Si vous optez pour le pr\u00e9l\u00e8vement automatique trimestriel, il vous faut d\u00e9poser votre RIB et <\/span><span style=\"color: #0000ff;\"><a style=\"color: #0000ff;\" href=\"http:\/\/mal-auray.org\/index.php\/infos-pratiques\/modele-de-mandat-sepa-2\/\">mandat de pr\u00e9l\u00e8vement automatique<\/a> <\/span><span style=\"color: #000000;\">sign\u00e9, dans l\u2019onglet mon compte &gt; mes documents, et nous contacter pour pr\u00e9ciser l&rsquo;activit\u00e9 et le cr\u00e9neau que vous sollicitez.<\/span><\/p>\n<p><span style=\"color: #000000;\"><strong>Si vous \u00eates mineur ou que vous inscrivez votre enfant<\/strong> <strong>OU si vous vous inscrivez pour une activit\u00e9 sportive<\/strong> : merci de compl\u00e9ter, signer et d\u00e9poser le document t\u00e9l\u00e9chargeable ci-dessous, dans l\u2019onglet mon compte &gt; mes documents.<\/span><\/p>\n<p><span style=\"color: #0000ff;\"><a style=\"color: #0000ff;\" href=\"http:\/\/mal-auray.org\/wp-content\/uploads\/2025\/05\/Formulaire_inscription_2025-2026.pdf\">Autorisation parentale \/ Activit\u00e9s sportives*<\/a> <\/span>(format .pdf)<\/p>\n<p><span style=\"color: #000000;\">* apr\u00e8s avoir r\u00e9pondu NON \u00e0 toutes les questions du questionnaire de sant\u00e9 <em>pour<\/em> les majeurs \u00ab QS-SPORT \u00bb, t\u00e9l\u00e9chargeable sur<\/span> <a href=\"https:\/\/www.formulaires.service-public.fr\/gf\/cerfa_15699.do\">ce lien<\/a>, <span style=\"color: #000000;\">OU apr\u00e8s avoir r\u00e9pondu NON*, ou que mon enfant a r\u00e9pondu NON, \u00e0 toutes les questions du questionnaire de sant\u00e9 pour les mineurs t\u00e9l\u00e9chargeable sur<\/span> <a href=\"http:\/\/mal-auray.org\/index.php\/infos-pratiques\/2-questionnaire-sante_mineurs\/\">ce lien<\/a> <span style=\"color: #000000;\">(merci de ne pas nous transmettre ces questionnaires r\u00e9serv\u00e9s \u00e0 votre usage).<\/span>[\/vc_column_text][\/vc_tab][vc_tab title=\u00a0\u00bb<strong>Inscriptions \u00e0 la M.A.L.<\/strong>\u00a0\u00bb tab_id=\u00a0\u00bbbad9cb36-b13d-cl\u00a0\u00bb][vc_column_text]<span style=\"color: #000000;\">Le temps d\u2019attente peut \u00eatre long. Nous conseillons l&rsquo;inscription en ligne si vous en avez la possibilit\u00e9.<\/span><\/p>\n<p><span style=\"color: #000000;\">Adresse : 2 rue Auguste La Houlle, Auray.<\/span><br \/>\n<span style=\"color: #000000;\">Ouvert du lundi au vendredi de 9h \u00e0 12h15 et de 14h \u00e0 18h &#8211; le samedi de 9h \u00e0 12h.<\/span><\/p>\n<p><span style=\"color: #000000;\">Aucune inscription re\u00e7ue par mail ou t\u00e9l\u00e9phone ne sera prise en compte.<\/span><br \/>\n<span style=\"color: #000000;\">Nous serons joignables par t\u00e9l\u00e9phone au 02 97 24 26 79 dans la mesure de nos possibilit\u00e9s (les premiers jours d\u2019inscription il nous est difficile de r\u00e9pondre aux appels).<\/span><\/p>\n<p><span style=\"color: #000000;\"><strong>Infos et documents \u00e0 transmettre \u00e0 l\u2019accueil le jour de votre inscription :<\/strong><\/span><\/p>\n<p><span style=\"color: #000000;\"><em>Tous les formulaires sont disponibles dans le hall de la MAL ou sur les liens de t\u00e9l\u00e9chargement ci-dessous.<\/em><\/span><\/p>\n<p><strong><span style=\"color: #000000;\">Dans tous les cas, le document d&rsquo;acceptation des conditions d&rsquo;inscriptions* et droit \u00e0 l&rsquo;image est n\u00e9cessaire pour toute inscription sur place :<\/span><\/strong><\/p>\n<p><a href=\"http:\/\/mal-auray.org\/wp-content\/uploads\/2025\/05\/Formulaire_inscription_2025-2026.docx\">Formulaire_inscription_2025-2026 en format Word<\/a><\/p>\n<p><a href=\"http:\/\/mal-auray.org\/wp-content\/uploads\/2025\/05\/Formulaire_inscription_2025-2026.pdf\">Formulaire d&rsquo;inscription 2025-2026 en format .pdf\u00a0<\/a><\/p>\n<p><em><span style=\"color: #000000;\"><strong>* Les conditions d&rsquo;inscription sont contenues dans le<a href=\"http:\/\/mal-auray.org\/wp-content\/uploads\/2025\/05\/Reglement-interieur-de-la-MAL_2025.pdf\"> r\u00e8glement int\u00e9rieur de la MAL<\/a> (format PDF).<\/strong><\/span><\/em><\/p>\n<p><span style=\"color: #000000;\"><strong>&gt; si vous \u00eates alr\u00e9en-e ou que le montant que votre quotient familial est inf\u00e9rieur \u00e0 914<\/strong>, apportez vos justificatifs (justificatif de domicile de moins de 3 mois pour les alr\u00e9ens \/ attestation de quotient familial ou dernier avis d\u2019imposition pour les QF &lt; 914). En l\u2019absence de ces justificatifs, ce sont les co\u00fbts sans r\u00e9duction qui s\u2019appliquent<\/span><\/p>\n<p><span style=\"color: #000000;\"><strong>&gt; votre inscription ne sera prise en compte que si vous r\u00e9glez vos cotisations lors de votre inscription<br \/>\n<\/strong>Si vous optez pour le pr\u00e9l\u00e8vement automatique trimestriel, il nous faudra votre RIB et le<\/span> <a href=\"http:\/\/mal-auray.org\/index.php\/infos-pratiques\/modele-de-mandat-sepa-2\/\">mandat de pr\u00e9l\u00e8vement automatique<\/a> <span style=\"color: #000000;\">sign\u00e9.<\/span><\/p>\n<p><span style=\"color: #000000;\"><strong>Si vous \u00eates mineur ou que vous inscrivez votre enfant<\/strong> <strong>OU si vous vous inscrivez pour une activit\u00e9 sportive<\/strong> : merci de compl\u00e9ter, signer les parties correspondantes du formulaire \u00ab\u00a0Acceptation conditions inscription \/ Droit image \/ Autorisation parentale \/ Activit\u00e9s sportives\u00a0\u00bb t\u00e9l\u00e9chargeable ci-dessus\u00a0\u00bb *.<\/span><\/p>\n<p><span style=\"color: #000000;\">* <\/span><em><span style=\"color: #000000;\">pour le sport : apr\u00e8s avoir r\u00e9pondu NON \u00e0 toutes les questions du questionnaire de sant\u00e9 pour les majeurs \u00ab QS-SPORT \u00bb, t\u00e9l\u00e9chargeable sur<\/span> <a href=\"https:\/\/www.formulaires.service-public.fr\/gf\/cerfa_15699.do\">ce lien<\/a>, <span style=\"color: #000000;\">OU apr\u00e8s avoir r\u00e9pondu NON*, ou que mon enfant a r\u00e9pondu NON, \u00e0 toutes les questions du questionnaire de sant\u00e9 pour les mineurs t\u00e9l\u00e9chargeable sur <\/span><a href=\"http:\/\/mal-auray.org\/index.php\/infos-pratiques\/2-questionnaire-sante_mineurs\/\">ce lien<\/a> <span style=\"color: #000000;\">(merci de ne pas nous transmettre ces questionnaires r\u00e9serv\u00e9s \u00e0 votre usage)<\/span><\/em><span style=\"color: #000000;\">.<\/span><\/p>\n<div id=\"sconnect-is-installed\" style=\"display: none;\">2.13.0.0<\/div>\n<div id=\"sconnect-is-installed\" style=\"display: none;\">2.13.0.0<\/div>\n<p>[\/vc_column_text][\/vc_tab][\/vc_tabs][\/vc_column][\/vc_row][vc_row][vc_column][vc_tabs][vc_tab title=\u00a0\u00bb<strong>R\u00e9ductions et aides financi\u00e8res<\/strong>\u00a0\u00bb tab_id=\u00a0\u00bbf61e31de-a0bf-7&Prime;][vc_column_text]<\/p>\n<h4><span style=\"color: #000000;\"><strong>Syst\u00e8me de r\u00e9duction :<br \/>\n<\/strong><\/span><\/h4>\n<p><span style=\"color: #000000;\">Les r\u00e9ductions g\u00e9ographiques (adh\u00e9sion alr\u00e9ens) et suivant le quotient familial (QF inf\u00e9rieur \u00e0 851) ne sont appliqu\u00e9es que si l\u2019adh\u00e9rent fourni ses justificatifs lors de son inscription. En l\u2019absence de ces documents ce seront les co\u00fbts les plus \u00e9lev\u00e9s qui s\u2019appliqueront pour l\u2019adh\u00e9sion et les activit\u00e9s. En cas de changement de situation dans le courant de la saison, aucun nouveau justificatif ne sera pris en compte pour une \u00e9ventuelle r\u00e9duction en cours de saison (il faudra donc attendre la saison suivante pour faire valoir ces nouveaux justificatifs).<\/span><\/p>\n<p><span style=\"color: #000000;\"><strong>R\u00e9duction selon la situation g\u00e9ographique\u00a0:<\/strong><\/span><br \/>\n<span style=\"color: #000000;\">Les alr\u00e9ens b\u00e9n\u00e9ficient d\u2019une r\u00e9duction* sur leur cotisation d\u2019adh\u00e9sion\u00a0:<\/span><br \/>\n<span style=\"color: #000000;\">&#8211; Alr\u00e9en : 10 \u20ac gratuit\u00e9 d\u00e8s la 3\u00e8me adh\u00e9sion<\/span><br \/>\n<span style=\"color: #000000;\">&#8211; Non-alr\u00e9en : 20\u20ac gratuit\u00e9 d\u00e8s la 3\u00e8me adh\u00e9sion<\/span><br \/>\n<span style=\"color: #000000;\">* Sur pr\u00e9sentation d\u2019un justificatif de domicile de moins de 3 mois\u00a0<\/span><\/p>\n<p><span style=\"color: #000000;\"><strong>R\u00e9duction \u00e0 partir de la 2\u00e8me activit\u00e9 r\u00e9guli\u00e8re hebdomadaire et pour toutes les suivantes :<\/strong><\/span><br \/>\n<span style=\"color: #000000;\">S\u2019applique que ce soit par famille, ou par individu (1 famille inscrit 2 enfants\u00a0: la r\u00e9duction s\u2019appliquera d\u00e8s l\u2019inscription du 2\u00e8me enfant, et pour toutes les activit\u00e9s suivantes de la famille).<\/span><br \/>\n<span style=\"color: #000000;\">Le montant de la r\u00e9duction est un montant fixe de 21 \u20ac par activit\u00e9.<\/span><br \/>\n<span style=\"color: #000000;\">Cette r\u00e9duction ne s\u2019applique qu\u2019aux seules activit\u00e9s r\u00e9guli\u00e8res permanentes (activit\u00e9s hebdomadaires de mi-septembre \u00e0 fin juin), tout secteur d\u2019activit\u00e9 confondu.<\/span><\/p>\n<p><span style=\"color: #000000;\"><strong>R\u00e9duction suivant le quotient familial des adh\u00e9rents\u00a0:<\/strong><\/span><br \/>\n<span style=\"color: #000000;\">R\u00e9ductions suivant 3 tranches de quotient familial*, pour tous les adh\u00e9rents disposant d\u2019un QF inf\u00e9rieur \u00e0 914.<\/span><br \/>\n<span style=\"color: #000000;\">Le montant de r\u00e9duction est fixe pour chaque activit\u00e9 r\u00e9guli\u00e8re hebdomadaire (activit\u00e9s de mi-septembre \u00e0 fin juin) pratiqu\u00e9e au sein de la famille \u00a0:<\/span><br \/>\n<span style=\"color: #000000;\">QF1 de 0 \u00e0 450\u20ac : 36 \u20ac<\/span><br \/>\n<span style=\"color: #000000;\">QF2 de 451 \u00e0 650\u20ac : 27 \u20ac<\/span><br \/>\n<span style=\"color: #000000;\">QF3 de 651 \u00e0 914\u20ac : 15 \u20ac<\/span><br \/>\n<span style=\"color: #000000;\"><em>* Sur pr\u00e9sentation obligatoire d\u2019une attestation de quotient familial de la CAF ou autre organisme, ou de votre avis d\u2019imp\u00f4t sur les revenus de 2021.<\/em><\/span><br \/>\n<span style=\"color: #000000;\"><em>Calcul du QF suivant l\u2019avis d\u2019imp\u00f4t\u00a0: QF = (revenu annuel + prestations familiales) \/ (12 x nombre de parts)<\/em><\/span><\/p>\n<h4><span style=\"color: #000000;\"><strong>Aides publiques :<\/strong><\/span><\/h4>\n<p><span style=\"color: #000000;\"><strong>Forfait passion de la CAF 2025\/2026 :<\/strong> 45\u20ac pour les enfants<\/span><br \/>\n<span style=\"color: #000000;\">Selon votre quotient familial vous recevrez un courrier de la CAF courant ao\u00fbt si vous \u00eates b\u00e9n\u00e9ficiaire. Il est nominatif et doit \u00eatre au nom de l\u2019enfant qui effectue une activit\u00e9 sportive ou culturelle. L\u2019aide vous sera rembours\u00e9e par la CAF. Faire compl\u00e9ter le document \u00e0 l\u2019accueil de l\u2019association.<\/span><\/p>\n<p><span style=\"color: #000000;\"><strong>Pass\u2019Sport\u00a0:<\/strong> 50\u20ac pour les enfants de 6 \u00e0 17 ans et les b\u00e9n\u00e9ficiaires de l\u2019AAH, l\u2019ARS et l\u2019AEEH.<\/span><br \/>\n<span style=\"color: #000000;\">Selon votre quotient familial vous recevrez un mail du minist\u00e8re des sports courant ao\u00fbt si vous \u00eates b\u00e9n\u00e9ficiaire. Adresser le document \u00e0 l\u2019accueil de la MAL. Il est nominatif et doit \u00eatre au nom de l\u2019enfant qui effectue une activit\u00e9 sportive. L\u2019aide est d\u00e9duite directement \u00e0 l\u2019inscription.<\/span><\/p>\n<p><span style=\"color: #000000;\"><strong>&gt; Sport An Alr\u00e9 \/ Culture An Alr\u00e9\u00a0:<\/strong> Selon votre quotient familial. Pour tous les alr\u00e9ens \u00e0 partir de 3 ans. Compl\u00e9ter la \u00ab fiche navette \u00bb remise lors de votre inscription et la faire valider \u00e0 l\u2019accueil de la M.A.L. L\u2019aide sera rembours\u00e9e apr\u00e8s passage en commission en mairie d\u2019Auray.<\/span><\/p>\n<div id=\"sconnect-is-installed\" style=\"display: none;\">2.13.0.0<\/div>\n<div id=\"sconnect-is-installed\" style=\"display: none;\">2.13.0.0<\/div>\n<p>[\/vc_column_text][\/vc_tab][vc_tab title=\u00a0\u00bb<strong>Modalit\u00e9s de r\u00e8glement<\/strong>\u00a0\u00bb tab_id=\u00a0\u00bbc51e3416-8f33-6&Prime;][vc_column_text]<span style=\"color: #000000;\"><strong>Carte bancaire \u00e0 l\u2019accueil ou sur internet via Goasso : <\/strong>R\u00e8glement en une seule fois sans frais\u00a0: il n\u2019est pas possible d\u2019\u00e9chelonner ses paiements avec ce mode de r\u00e8glement.<\/span><\/p>\n<p><span style=\"color: #000000;\"><strong>Ch\u00e8que\u00a0:<\/strong> Les ch\u00e8ques sont mis \u00e0 l\u2019encaissement au 5 du mois. Possibilit\u00e9 de r\u00e9gler par trimestre. Dans ce cas, d\u00e9poser 3 ch\u00e8ques qui seront encaiss\u00e9s en octobre, janvier et avril.<\/span><\/p>\n<p><span style=\"color: #000000;\"><strong>Pr\u00e9l\u00e8vement automatique trimestriel :<\/strong> RIB et mandat SEPA sign\u00e9 \u00e0 fournir lors de l\u2019inscription. Les pr\u00e9l\u00e8vements se feront en octobre, janvier et avril.<\/span><\/p>\n<p><span style=\"color: #000000;\"><strong>Autres modes de r\u00e8glement\u00a0:<\/strong> en esp\u00e8ces, en ch\u00e8que-vacances, ou ch\u00e8que-sports.<\/span><\/p>\n<div id=\"sconnect-is-installed\" style=\"display: none;\"><span style=\"color: #000000;\">2.13.0.0<\/span><\/div>\n<div id=\"sconnect-is-installed\" style=\"display: none;\"><span style=\"color: #000000;\">2.13.0.0<\/span><\/div>\n<p>[\/vc_column_text][\/vc_tab][vc_tab title=\u00a0\u00bb<strong>Communication<\/strong> \u00a0\u00bb tab_id=\u00a0\u00bbc0bc907e-bdfc-cl\u00a0\u00bb][vc_column_text]<span style=\"color: #000000;\">En renseignant vos coordonn\u00e9es lors de votre inscription vous autorisez la M.A.L. \u00e0 vous communiquer des informations importantes relatives \u00e0 la vie associative et \u00e0 vos activit\u00e9s par e-mail ou SMS, et \u00e0 vous adresser sa newsletter dont la d\u00e9sinscription est possible d\u00e8s le premier envoi.<\/span><\/p>\n<p><span style=\"color: #000000;\">La collecte des renseignements lors de votre inscription fait l\u2019objet d\u2019une saisie dans la base de donn\u00e9es de la Maison d\u2019Animation et des Loisirs dans le cadre de votre demande d\u2019adh\u00e9sion et de vos inscriptions aux activit\u00e9s de l\u2019association. Elles sont conserv\u00e9es pendant 5 ans. Conform\u00e9ment \u00e0 la Loi Informatique et Libert\u00e9 Loi n\u00b0 78-17 du 6 janvier 1978 modifi\u00e9e, et au R\u00e8glement G\u00e9n\u00e9ral sur la Protection des Donn\u00e9es R\u00e8glement (UE) 2016\/679 du Parlement europ\u00e9en et du Conseil du 27 avril 2016 dit RGPD, vous disposez d\u2019un droit d\u2019acc\u00e8s, de rectification, d\u2019effacement, de portabilit\u00e9, de limitation et d\u2019opposition au traitement de vos donn\u00e9es. Vous pouvez exercer vos droits par courrier : Maison d\u2019Animation et des Loisirs, 2 rue Auguste La Houlle, 56400 Auray.<\/span><\/p>\n<div id=\"sconnect-is-installed\" style=\"display: none;\"><span style=\"color: #000000;\">2.13.0.0<\/span><\/div>\n<p>[\/vc_column_text][\/vc_tab][\/vc_tabs][\/vc_column][\/vc_row][vc_row][vc_column]<q class=\"text-small shortcode-pullquote wf-cell align-left wf-1\"><\/q>[\/vc_column][\/vc_row]<\/p>\n","protected":false},"excerpt":{"rendered":"<p>[vc_row][vc_column][vc_column_text] Les inscriptions pour la saison 2025-2026 ouvrent le 16 juin 2025, pour tous publics y compris pour les non-Alr\u00e9ens &nbsp; Le programme 2025-2026 est consultable en ligne ici et sera prochainement disponible en version papier \u00e0 la MAL. Des aides sont possibles : consultez l&rsquo;onglet \u00ab\u00a0r\u00e9ductions et aides financi\u00e8res\u00a0\u00bb ci-dessous 2.13.0.0 2.13.0.0 2.13.0.0 2.13.0.0&hellip;<\/p>\n","protected":false},"author":1,"featured_media":0,"parent":0,"menu_order":0,"comment_status":"closed","ping_status":"closed","template":"","meta":[],"yoast_head":"<!-- This site is optimized with the Yoast SEO plugin v20.4 - https:\/\/yoast.com\/wordpress\/plugins\/seo\/ -->\n<title>Infos pratiques - La MAL d&#039;Auray<\/title>\n<meta name=\"robots\" content=\"index, follow, max-snippet:-1, max-image-preview:large, max-video-preview:-1\" \/>\n<link rel=\"canonical\" href=\"http:\/\/mal-auray.org\/index.php\/infos-pratiques\/\" \/>\n<meta property=\"og:locale\" content=\"fr_FR\" \/>\n<meta property=\"og:type\" content=\"article\" \/>\n<meta property=\"og:title\" content=\"Infos pratiques - La MAL d&#039;Auray\" \/>\n<meta property=\"og:description\" content=\"[vc_row][vc_column][vc_column_text] Les inscriptions pour la saison 2025-2026 ouvrent le 16 juin 2025, pour tous publics y compris pour les non-Alr\u00e9ens &nbsp; Le programme 2025-2026 est consultable en ligne ici et sera prochainement disponible en version papier \u00e0 la MAL. Des aides sont possibles : consultez l&rsquo;onglet \u00ab\u00a0r\u00e9ductions et aides financi\u00e8res\u00a0\u00bb ci-dessous 2.13.0.0 2.13.0.0 2.13.0.0 2.13.0.0&hellip;\" \/>\n<meta property=\"og:url\" content=\"http:\/\/mal-auray.org\/index.php\/infos-pratiques\/\" \/>\n<meta property=\"og:site_name\" content=\"La MAL d&#039;Auray\" \/>\n<meta property=\"article:publisher\" content=\"https:\/\/www.facebook.com\/MaisonAnimationLoisirs\/\" \/>\n<meta property=\"article:modified_time\" content=\"2025-05-22T14:50:35+00:00\" \/>\n<meta name=\"twitter:card\" content=\"summary_large_image\" \/>\n<meta name=\"twitter:label1\" content=\"Dur\u00e9e de lecture estim\u00e9e\" \/>\n\t<meta name=\"twitter:data1\" content=\"10 minutes\" \/>\n<script type=\"application\/ld+json\" class=\"yoast-schema-graph\">{\"@context\":\"https:\/\/schema.org\",\"@graph\":[{\"@type\":\"WebPage\",\"@id\":\"http:\/\/mal-auray.org\/index.php\/infos-pratiques\/\",\"url\":\"http:\/\/mal-auray.org\/index.php\/infos-pratiques\/\",\"name\":\"Infos pratiques - La MAL d&#039;Auray\",\"isPartOf\":{\"@id\":\"http:\/\/mal-auray.org\/#website\"},\"datePublished\":\"2017-09-07T18:47:55+00:00\",\"dateModified\":\"2025-05-22T14:50:35+00:00\",\"breadcrumb\":{\"@id\":\"http:\/\/mal-auray.org\/index.php\/infos-pratiques\/#breadcrumb\"},\"inLanguage\":\"fr-FR\",\"potentialAction\":[{\"@type\":\"ReadAction\",\"target\":[\"http:\/\/mal-auray.org\/index.php\/infos-pratiques\/\"]}]},{\"@type\":\"BreadcrumbList\",\"@id\":\"http:\/\/mal-auray.org\/index.php\/infos-pratiques\/#breadcrumb\",\"itemListElement\":[{\"@type\":\"ListItem\",\"position\":1,\"name\":\"Accueil\",\"item\":\"http:\/\/mal-auray.org\/\"},{\"@type\":\"ListItem\",\"position\":2,\"name\":\"Infos pratiques\"}]},{\"@type\":\"WebSite\",\"@id\":\"http:\/\/mal-auray.org\/#website\",\"url\":\"http:\/\/mal-auray.org\/\",\"name\":\"La MAL d&#039;Auray\",\"description\":\"Une association de loisirs pour tous\",\"publisher\":{\"@id\":\"http:\/\/mal-auray.org\/#organization\"},\"potentialAction\":[{\"@type\":\"SearchAction\",\"target\":{\"@type\":\"EntryPoint\",\"urlTemplate\":\"http:\/\/mal-auray.org\/?s={search_term_string}\"},\"query-input\":\"required name=search_term_string\"}],\"inLanguage\":\"fr-FR\"},{\"@type\":\"Organization\",\"@id\":\"http:\/\/mal-auray.org\/#organization\",\"name\":\"La MAL d&#039;Auray\",\"url\":\"http:\/\/mal-auray.org\/\",\"logo\":{\"@type\":\"ImageObject\",\"inLanguage\":\"fr-FR\",\"@id\":\"http:\/\/mal-auray.org\/#\/schema\/logo\/image\/\",\"url\":\"http:\/\/mal-auray.org\/wp-content\/uploads\/2017\/09\/logo-MAL.png\",\"contentUrl\":\"http:\/\/mal-auray.org\/wp-content\/uploads\/2017\/09\/logo-MAL.png\",\"width\":198,\"height\":65,\"caption\":\"La MAL d&#039;Auray\"},\"image\":{\"@id\":\"http:\/\/mal-auray.org\/#\/schema\/logo\/image\/\"},\"sameAs\":[\"https:\/\/www.facebook.com\/MaisonAnimationLoisirs\/\"]}]}<\/script>\n<!-- \/ Yoast SEO plugin. -->","yoast_head_json":{"title":"Infos pratiques - La MAL d&#039;Auray","robots":{"index":"index","follow":"follow","max-snippet":"max-snippet:-1","max-image-preview":"max-image-preview:large","max-video-preview":"max-video-preview:-1"},"canonical":"http:\/\/mal-auray.org\/index.php\/infos-pratiques\/","og_locale":"fr_FR","og_type":"article","og_title":"Infos pratiques - La MAL d&#039;Auray","og_description":"[vc_row][vc_column][vc_column_text] Les inscriptions pour la saison 2025-2026 ouvrent le 16 juin 2025, pour tous publics y compris pour les non-Alr\u00e9ens &nbsp; Le programme 2025-2026 est consultable en ligne ici et sera prochainement disponible en version papier \u00e0 la MAL. Des aides sont possibles : consultez l&rsquo;onglet \u00ab\u00a0r\u00e9ductions et aides financi\u00e8res\u00a0\u00bb ci-dessous 2.13.0.0 2.13.0.0 2.13.0.0 2.13.0.0&hellip;","og_url":"http:\/\/mal-auray.org\/index.php\/infos-pratiques\/","og_site_name":"La MAL d&#039;Auray","article_publisher":"https:\/\/www.facebook.com\/MaisonAnimationLoisirs\/","article_modified_time":"2025-05-22T14:50:35+00:00","twitter_card":"summary_large_image","twitter_misc":{"Dur\u00e9e de lecture estim\u00e9e":"10 minutes"},"schema":{"@context":"https:\/\/schema.org","@graph":[{"@type":"WebPage","@id":"http:\/\/mal-auray.org\/index.php\/infos-pratiques\/","url":"http:\/\/mal-auray.org\/index.php\/infos-pratiques\/","name":"Infos pratiques - La MAL d&#039;Auray","isPartOf":{"@id":"http:\/\/mal-auray.org\/#website"},"datePublished":"2017-09-07T18:47:55+00:00","dateModified":"2025-05-22T14:50:35+00:00","breadcrumb":{"@id":"http:\/\/mal-auray.org\/index.php\/infos-pratiques\/#breadcrumb"},"inLanguage":"fr-FR","potentialAction":[{"@type":"ReadAction","target":["http:\/\/mal-auray.org\/index.php\/infos-pratiques\/"]}]},{"@type":"BreadcrumbList","@id":"http:\/\/mal-auray.org\/index.php\/infos-pratiques\/#breadcrumb","itemListElement":[{"@type":"ListItem","position":1,"name":"Accueil","item":"http:\/\/mal-auray.org\/"},{"@type":"ListItem","position":2,"name":"Infos pratiques"}]},{"@type":"WebSite","@id":"http:\/\/mal-auray.org\/#website","url":"http:\/\/mal-auray.org\/","name":"La MAL d&#039;Auray","description":"Une association de loisirs pour tous","publisher":{"@id":"http:\/\/mal-auray.org\/#organization"},"potentialAction":[{"@type":"SearchAction","target":{"@type":"EntryPoint","urlTemplate":"http:\/\/mal-auray.org\/?s={search_term_string}"},"query-input":"required name=search_term_string"}],"inLanguage":"fr-FR"},{"@type":"Organization","@id":"http:\/\/mal-auray.org\/#organization","name":"La MAL d&#039;Auray","url":"http:\/\/mal-auray.org\/","logo":{"@type":"ImageObject","inLanguage":"fr-FR","@id":"http:\/\/mal-auray.org\/#\/schema\/logo\/image\/","url":"http:\/\/mal-auray.org\/wp-content\/uploads\/2017\/09\/logo-MAL.png","contentUrl":"http:\/\/mal-auray.org\/wp-content\/uploads\/2017\/09\/logo-MAL.png","width":198,"height":65,"caption":"La MAL d&#039;Auray"},"image":{"@id":"http:\/\/mal-auray.org\/#\/schema\/logo\/image\/"},"sameAs":["https:\/\/www.facebook.com\/MaisonAnimationLoisirs\/"]}]}},"_links":{"self":[{"href":"http:\/\/mal-auray.org\/index.php\/wp-json\/wp\/v2\/pages\/1933"}],"collection":[{"href":"http:\/\/mal-auray.org\/index.php\/wp-json\/wp\/v2\/pages"}],"about":[{"href":"http:\/\/mal-auray.org\/index.php\/wp-json\/wp\/v2\/types\/page"}],"author":[{"embeddable":true,"href":"http:\/\/mal-auray.org\/index.php\/wp-json\/wp\/v2\/users\/1"}],"replies":[{"embeddable":true,"href":"http:\/\/mal-auray.org\/index.php\/wp-json\/wp\/v2\/comments?post=1933"}],"version-history":[{"count":234,"href":"http:\/\/mal-auray.org\/index.php\/wp-json\/wp\/v2\/pages\/1933\/revisions"}],"predecessor-version":[{"id":6193,"href":"http:\/\/mal-auray.org\/index.php\/wp-json\/wp\/v2\/pages\/1933\/revisions\/6193"}],"wp:attachment":[{"href":"http:\/\/mal-auray.org\/index.php\/wp-json\/wp\/v2\/media?parent=1933"}],"curies":[{"name":"wp","href":"https:\/\/api.w.org\/{rel}","templated":true}]}}