{"id":1513,"date":"2017-09-06T18:37:46","date_gmt":"2017-09-06T16:37:46","guid":{"rendered":"http:\/\/mal-auray.org\/?page_id=1513"},"modified":"2024-07-09T21:37:13","modified_gmt":"2024-07-09T19:37:13","slug":"ateliers-musicaux","status":"publish","type":"page","link":"http:\/\/mal-auray.org\/index.php\/ateliers-musicaux\/","title":{"rendered":"Ateliers musicaux 6 \u00e0 12 ans"},"content":{"rendered":"<p>L\u2019apprentissage de la musique a de r\u00e9elles vertus sur le d\u00e9veloppement intellectuel et social de l\u2019enfant.<br \/>\nLes ateliers musicaux permettent de d\u00e9couvrir diff\u00e9rents instruments tels que la fl\u00fbte, l\u2019accord\u00e9on, le piano, le ukul\u00e9l\u00e9, la guitare mais aussi tambourins, claves, cloches, maracas, grelots\u2026. L\u2019approche en groupe permet d\u2019\u00e9tablir un contact entre les \u00e9l\u00e8ves, l\u2019\u00e9coute et la coordination, le partage musical, le travail rythmique, le chant, et surtout l\u2019amusement !<br \/>\nPratique et histoire des instruments. Pr\u00e9voir une fl\u00fbte \u00e0 bec individuelle. Apprentissage du solf\u00e8ge. Chant. Jeux rythmiques. (Cup Song)<\/p>\n<p><strong>Intervenante :<\/strong> Marl\u00e8ne BINET<\/p>\n<blockquote><p><strong>Horaires, tarifs et inscriptions :<\/strong> <a href=\"https:\/\/mal-auray.goasso.org\/activites?q%5Bactivity_schedules_schedule_type_in%5D%5B%5D=0&amp;q%5Bactivity_schedules_schedule_type_in%5D%5B%5D=3&amp;q%5Bactivity_schedules_sub_schedule_type_eq%5D=0\">c&rsquo;est par ici<\/a><\/p><\/blockquote>\n","protected":false},"excerpt":{"rendered":"<p>L\u2019apprentissage de la musique a de r\u00e9elles vertus sur le d\u00e9veloppement intellectuel et social de l\u2019enfant. Les ateliers musicaux permettent de d\u00e9couvrir diff\u00e9rents instruments tels que la fl\u00fbte, l\u2019accord\u00e9on, le piano, le ukul\u00e9l\u00e9, la guitare mais aussi tambourins, claves, cloches, maracas, grelots\u2026. L\u2019approche en groupe permet d\u2019\u00e9tablir un contact entre les \u00e9l\u00e8ves, l\u2019\u00e9coute et la&hellip;<\/p>\n","protected":false},"author":1,"featured_media":0,"parent":0,"menu_order":0,"comment_status":"closed","ping_status":"closed","template":"","meta":[],"yoast_head":"<!-- This site is optimized with the Yoast SEO plugin v20.4 - https:\/\/yoast.com\/wordpress\/plugins\/seo\/ -->\n<title>Ateliers musicaux 6 \u00e0 12 ans - La MAL d&#039;Auray<\/title>\n<meta name=\"robots\" content=\"index, follow, max-snippet:-1, max-image-preview:large, max-video-preview:-1\" \/>\n<link rel=\"canonical\" href=\"http:\/\/mal-auray.org\/index.php\/ateliers-musicaux\/\" \/>\n<meta property=\"og:locale\" content=\"fr_FR\" \/>\n<meta property=\"og:type\" content=\"article\" \/>\n<meta property=\"og:title\" content=\"Ateliers musicaux 6 \u00e0 12 ans - La MAL d&#039;Auray\" \/>\n<meta property=\"og:description\" content=\"L\u2019apprentissage de la musique a de r\u00e9elles vertus sur le d\u00e9veloppement intellectuel et social de l\u2019enfant. Les ateliers musicaux permettent de d\u00e9couvrir diff\u00e9rents instruments tels que la fl\u00fbte, l\u2019accord\u00e9on, le piano, le ukul\u00e9l\u00e9, la guitare mais aussi tambourins, claves, cloches, maracas, grelots\u2026. L\u2019approche en groupe permet d\u2019\u00e9tablir un contact entre les \u00e9l\u00e8ves, l\u2019\u00e9coute et la&hellip;\" \/>\n<meta property=\"og:url\" content=\"http:\/\/mal-auray.org\/index.php\/ateliers-musicaux\/\" \/>\n<meta property=\"og:site_name\" content=\"La MAL d&#039;Auray\" \/>\n<meta property=\"article:publisher\" content=\"https:\/\/www.facebook.com\/MaisonAnimationLoisirs\/\" \/>\n<meta property=\"article:modified_time\" content=\"2024-07-09T19:37:13+00:00\" \/>\n<meta name=\"twitter:card\" content=\"summary_large_image\" \/>\n<meta name=\"twitter:label1\" content=\"Dur\u00e9e de lecture estim\u00e9e\" \/>\n\t<meta name=\"twitter:data1\" content=\"1 minute\" \/>\n<script type=\"application\/ld+json\" class=\"yoast-schema-graph\">{\"@context\":\"https:\/\/schema.org\",\"@graph\":[{\"@type\":\"WebPage\",\"@id\":\"http:\/\/mal-auray.org\/index.php\/ateliers-musicaux\/\",\"url\":\"http:\/\/mal-auray.org\/index.php\/ateliers-musicaux\/\",\"name\":\"Ateliers musicaux 6 \u00e0 12 ans - La MAL d&#039;Auray\",\"isPartOf\":{\"@id\":\"http:\/\/mal-auray.org\/#website\"},\"datePublished\":\"2017-09-06T16:37:46+00:00\",\"dateModified\":\"2024-07-09T19:37:13+00:00\",\"breadcrumb\":{\"@id\":\"http:\/\/mal-auray.org\/index.php\/ateliers-musicaux\/#breadcrumb\"},\"inLanguage\":\"fr-FR\",\"potentialAction\":[{\"@type\":\"ReadAction\",\"target\":[\"http:\/\/mal-auray.org\/index.php\/ateliers-musicaux\/\"]}]},{\"@type\":\"BreadcrumbList\",\"@id\":\"http:\/\/mal-auray.org\/index.php\/ateliers-musicaux\/#breadcrumb\",\"itemListElement\":[{\"@type\":\"ListItem\",\"position\":1,\"name\":\"Accueil\",\"item\":\"http:\/\/mal-auray.org\/\"},{\"@type\":\"ListItem\",\"position\":2,\"name\":\"Ateliers musicaux 6 \u00e0 12 ans\"}]},{\"@type\":\"WebSite\",\"@id\":\"http:\/\/mal-auray.org\/#website\",\"url\":\"http:\/\/mal-auray.org\/\",\"name\":\"La MAL d&#039;Auray\",\"description\":\"Une association de loisirs pour tous\",\"publisher\":{\"@id\":\"http:\/\/mal-auray.org\/#organization\"},\"potentialAction\":[{\"@type\":\"SearchAction\",\"target\":{\"@type\":\"EntryPoint\",\"urlTemplate\":\"http:\/\/mal-auray.org\/?s={search_term_string}\"},\"query-input\":\"required name=search_term_string\"}],\"inLanguage\":\"fr-FR\"},{\"@type\":\"Organization\",\"@id\":\"http:\/\/mal-auray.org\/#organization\",\"name\":\"La MAL d&#039;Auray\",\"url\":\"http:\/\/mal-auray.org\/\",\"logo\":{\"@type\":\"ImageObject\",\"inLanguage\":\"fr-FR\",\"@id\":\"http:\/\/mal-auray.org\/#\/schema\/logo\/image\/\",\"url\":\"http:\/\/mal-auray.org\/wp-content\/uploads\/2017\/09\/logo-MAL.png\",\"contentUrl\":\"http:\/\/mal-auray.org\/wp-content\/uploads\/2017\/09\/logo-MAL.png\",\"width\":198,\"height\":65,\"caption\":\"La MAL d&#039;Auray\"},\"image\":{\"@id\":\"http:\/\/mal-auray.org\/#\/schema\/logo\/image\/\"},\"sameAs\":[\"https:\/\/www.facebook.com\/MaisonAnimationLoisirs\/\"]}]}<\/script>\n<!-- \/ Yoast SEO plugin. -->","yoast_head_json":{"title":"Ateliers musicaux 6 \u00e0 12 ans - La MAL d&#039;Auray","robots":{"index":"index","follow":"follow","max-snippet":"max-snippet:-1","max-image-preview":"max-image-preview:large","max-video-preview":"max-video-preview:-1"},"canonical":"http:\/\/mal-auray.org\/index.php\/ateliers-musicaux\/","og_locale":"fr_FR","og_type":"article","og_title":"Ateliers musicaux 6 \u00e0 12 ans - La MAL d&#039;Auray","og_description":"L\u2019apprentissage de la musique a de r\u00e9elles vertus sur le d\u00e9veloppement intellectuel et social de l\u2019enfant. Les ateliers musicaux permettent de d\u00e9couvrir diff\u00e9rents instruments tels que la fl\u00fbte, l\u2019accord\u00e9on, le piano, le ukul\u00e9l\u00e9, la guitare mais aussi tambourins, claves, cloches, maracas, grelots\u2026. L\u2019approche en groupe permet d\u2019\u00e9tablir un contact entre les \u00e9l\u00e8ves, l\u2019\u00e9coute et la&hellip;","og_url":"http:\/\/mal-auray.org\/index.php\/ateliers-musicaux\/","og_site_name":"La MAL d&#039;Auray","article_publisher":"https:\/\/www.facebook.com\/MaisonAnimationLoisirs\/","article_modified_time":"2024-07-09T19:37:13+00:00","twitter_card":"summary_large_image","twitter_misc":{"Dur\u00e9e de lecture estim\u00e9e":"1 minute"},"schema":{"@context":"https:\/\/schema.org","@graph":[{"@type":"WebPage","@id":"http:\/\/mal-auray.org\/index.php\/ateliers-musicaux\/","url":"http:\/\/mal-auray.org\/index.php\/ateliers-musicaux\/","name":"Ateliers musicaux 6 \u00e0 12 ans - La MAL d&#039;Auray","isPartOf":{"@id":"http:\/\/mal-auray.org\/#website"},"datePublished":"2017-09-06T16:37:46+00:00","dateModified":"2024-07-09T19:37:13+00:00","breadcrumb":{"@id":"http:\/\/mal-auray.org\/index.php\/ateliers-musicaux\/#breadcrumb"},"inLanguage":"fr-FR","potentialAction":[{"@type":"ReadAction","target":["http:\/\/mal-auray.org\/index.php\/ateliers-musicaux\/"]}]},{"@type":"BreadcrumbList","@id":"http:\/\/mal-auray.org\/index.php\/ateliers-musicaux\/#breadcrumb","itemListElement":[{"@type":"ListItem","position":1,"name":"Accueil","item":"http:\/\/mal-auray.org\/"},{"@type":"ListItem","position":2,"name":"Ateliers musicaux 6 \u00e0 12 ans"}]},{"@type":"WebSite","@id":"http:\/\/mal-auray.org\/#website","url":"http:\/\/mal-auray.org\/","name":"La MAL d&#039;Auray","description":"Une association de loisirs pour tous","publisher":{"@id":"http:\/\/mal-auray.org\/#organization"},"potentialAction":[{"@type":"SearchAction","target":{"@type":"EntryPoint","urlTemplate":"http:\/\/mal-auray.org\/?s={search_term_string}"},"query-input":"required name=search_term_string"}],"inLanguage":"fr-FR"},{"@type":"Organization","@id":"http:\/\/mal-auray.org\/#organization","name":"La MAL d&#039;Auray","url":"http:\/\/mal-auray.org\/","logo":{"@type":"ImageObject","inLanguage":"fr-FR","@id":"http:\/\/mal-auray.org\/#\/schema\/logo\/image\/","url":"http:\/\/mal-auray.org\/wp-content\/uploads\/2017\/09\/logo-MAL.png","contentUrl":"http:\/\/mal-auray.org\/wp-content\/uploads\/2017\/09\/logo-MAL.png","width":198,"height":65,"caption":"La MAL d&#039;Auray"},"image":{"@id":"http:\/\/mal-auray.org\/#\/schema\/logo\/image\/"},"sameAs":["https:\/\/www.facebook.com\/MaisonAnimationLoisirs\/"]}]}},"_links":{"self":[{"href":"http:\/\/mal-auray.org\/index.php\/wp-json\/wp\/v2\/pages\/1513"}],"collection":[{"href":"http:\/\/mal-auray.org\/index.php\/wp-json\/wp\/v2\/pages"}],"about":[{"href":"http:\/\/mal-auray.org\/index.php\/wp-json\/wp\/v2\/types\/page"}],"author":[{"embeddable":true,"href":"http:\/\/mal-auray.org\/index.php\/wp-json\/wp\/v2\/users\/1"}],"replies":[{"embeddable":true,"href":"http:\/\/mal-auray.org\/index.php\/wp-json\/wp\/v2\/comments?post=1513"}],"version-history":[{"count":19,"href":"http:\/\/mal-auray.org\/index.php\/wp-json\/wp\/v2\/pages\/1513\/revisions"}],"predecessor-version":[{"id":5952,"href":"http:\/\/mal-auray.org\/index.php\/wp-json\/wp\/v2\/pages\/1513\/revisions\/5952"}],"wp:attachment":[{"href":"http:\/\/mal-auray.org\/index.php\/wp-json\/wp\/v2\/media?parent=1513"}],"curies":[{"name":"wp","href":"https:\/\/api.w.org\/{rel}","templated":true}]}}